{"id":461,"date":"2022-06-05T22:03:10","date_gmt":"2022-06-05T22:03:10","guid":{"rendered":"https:\/\/suzanclinvacinas.com.br\/?page_id=461"},"modified":"2022-10-21T10:56:06","modified_gmt":"2022-10-21T10:56:06","slug":"febre-amarela","status":"publish","type":"page","link":"https:\/\/suzanclinvacinas.com.br\/index.php\/febre-amarela\/","title":{"rendered":"Febre Amarela"},"content":{"rendered":"\t\t<div data-elementor-type=\"wp-page\" data-elementor-id=\"461\" class=\"elementor elementor-461\" data-elementor-settings=\"{&quot;ha_cmc_init_switcher&quot;:&quot;no&quot;}\" data-elementor-post-type=\"page\">\n\t\t\t\t\t\t<section class=\"elementor-section elementor-top-section elementor-element elementor-element-fd569f3 elementor-section-height-min-height elementor-section-boxed elementor-section-height-default elementor-section-items-middle\" data-id=\"fd569f3\" data-element_type=\"section\" data-e-type=\"section\" data-settings=\"{&quot;background_background&quot;:&quot;classic&quot;,&quot;_ha_eqh_enable&quot;:false}\">\n\t\t\t\t\t\t\t<div class=\"elementor-background-overlay\"><\/div>\n\t\t\t\t\t\t\t<div class=\"elementor-container elementor-column-gap-default\">\n\t\t\t\t\t<div class=\"elementor-column elementor-col-100 elementor-top-column elementor-element elementor-element-fd08034\" data-id=\"fd08034\" data-element_type=\"column\" data-e-type=\"column\">\n\t\t\t<div class=\"elementor-widget-wrap elementor-element-populated\">\n\t\t\t\t\t\t<div class=\"elementor-element elementor-element-41b1788 elementor-widget elementor-widget-heading\" data-id=\"41b1788\" data-element_type=\"widget\" data-e-type=\"widget\" data-widget_type=\"heading.default\">\n\t\t\t\t<div class=\"elementor-widget-container\">\n\t\t\t\t\t<h2 class=\"elementor-heading-title elementor-size-default\">Vacina Febre Amarela<\/h2>\t\t\t\t<\/div>\n\t\t\t\t<\/div>\n\t\t\t\t\t<\/div>\n\t\t<\/div>\n\t\t\t\t\t<\/div>\n\t\t<\/section>\n\t\t\t\t<section class=\"elementor-section elementor-top-section elementor-element elementor-element-f166bef elementor-section-boxed elementor-section-height-default elementor-section-height-default\" data-id=\"f166bef\" data-element_type=\"section\" data-e-type=\"section\" data-settings=\"{&quot;_ha_eqh_enable&quot;:false}\">\n\t\t\t\t\t\t<div class=\"elementor-container elementor-column-gap-default\">\n\t\t\t\t\t<div class=\"elementor-column elementor-col-50 elementor-top-column elementor-element elementor-element-bb8bef3\" data-id=\"bb8bef3\" data-element_type=\"column\" data-e-type=\"column\">\n\t\t\t<div class=\"elementor-widget-wrap elementor-element-populated\">\n\t\t\t\t\t\t<div class=\"elementor-element elementor-element-9544304 elementor-widget elementor-widget-heading\" data-id=\"9544304\" data-element_type=\"widget\" data-e-type=\"widget\" data-widget_type=\"heading.default\">\n\t\t\t\t<div class=\"elementor-widget-container\">\n\t\t\t\t\t<h2 class=\"elementor-heading-title elementor-size-default\">Conhe\u00e7a todos os detalhes da Vacina Febre Amarela:\n\n\n<\/h2>\t\t\t\t<\/div>\n\t\t\t\t<\/div>\n\t\t\t\t\t<\/div>\n\t\t<\/div>\n\t\t\t\t<div class=\"elementor-column elementor-col-50 elementor-top-column elementor-element elementor-element-a6493c9\" data-id=\"a6493c9\" data-element_type=\"column\" data-e-type=\"column\">\n\t\t\t<div class=\"elementor-widget-wrap elementor-element-populated\">\n\t\t\t\t\t\t<div class=\"elementor-element elementor-element-a8647cb elementor-view-framed ha-advanced-tooltip-enable elementor-shape-circle ha-advanced-tooltip-top elementor-widget elementor-widget-icon\" data-id=\"a8647cb\" data-element_type=\"widget\" data-e-type=\"widget\" data-settings=\"{&quot;ha_advanced_tooltip_enable&quot;:&quot;enable&quot;,&quot;ha_advanced_tooltip_content&quot;:&quot;Bula da Vacina&quot;,&quot;ha_advanced_tooltip_position&quot;:&quot;top&quot;,&quot;ha_advanced_tooltip_duration&quot;:1000,&quot;ha_advanced_tooltip_arrow&quot;:&quot;true&quot;,&quot;ha_advanced_tooltip_trigger&quot;:&quot;hover&quot;}\" data-widget_type=\"icon.default\">\n\t\t\t\t<div class=\"elementor-widget-container\">\n\t\t\t\t\t\t\t<div class=\"elementor-icon-wrapper\">\n\t\t\t<a class=\"elementor-icon\" href=\"https:\/\/suzanclinvacinas.com.br\/wp-content\/uploads\/2022\/10\/Bula-vacina-Febre-Amarela.pdf\" target=\"_blank\">\n\t\t\t<i aria-hidden=\"true\" class=\"hm hm-file\"><\/i>\t\t\t<\/a>\n\t\t<\/div>\n\t\t\t\t\t\t<\/div>\n\t\t\t\t<\/div>\n\t\t\t\t\t<\/div>\n\t\t<\/div>\n\t\t\t\t\t<\/div>\n\t\t<\/section>\n\t\t\t\t<section class=\"elementor-section elementor-top-section elementor-element elementor-element-82700f7 elementor-section-boxed elementor-section-height-default elementor-section-height-default\" data-id=\"82700f7\" data-element_type=\"section\" data-e-type=\"section\" data-settings=\"{&quot;_ha_eqh_enable&quot;:false}\">\n\t\t\t\t\t\t<div class=\"elementor-container elementor-column-gap-default\">\n\t\t\t\t\t<div class=\"elementor-column elementor-col-100 elementor-top-column elementor-element elementor-element-32b6e39\" data-id=\"32b6e39\" data-element_type=\"column\" data-e-type=\"column\">\n\t\t\t<div class=\"elementor-widget-wrap elementor-element-populated\">\n\t\t\t\t\t\t<div class=\"elementor-element elementor-element-29b81d1 elementor-widget elementor-widget-heading\" data-id=\"29b81d1\" data-element_type=\"widget\" data-e-type=\"widget\" data-widget_type=\"heading.default\">\n\t\t\t\t<div class=\"elementor-widget-container\">\n\t\t\t\t\t<h2 class=\"elementor-heading-title elementor-size-default\">Vacina indicada para:<\/h2>\t\t\t\t<\/div>\n\t\t\t\t<\/div>\n\t\t\t\t<div data-ha-element-link=\"{&quot;url&quot;:&quot;https:\\\/\\\/suzanclinvacinas.com.br\\\/index.php\\\/vacinas-criancas\\\/&quot;,&quot;is_external&quot;:&quot;&quot;,&quot;nofollow&quot;:&quot;&quot;}\" style=\"cursor: pointer\" class=\"elementor-element elementor-element-c8480fb elementor-widget__width-auto elementor-widget-mobile__width-inherit elementor-cta--skin-classic elementor-animated-content elementor-bg-transform elementor-bg-transform-zoom-in elementor-widget elementor-widget-call-to-action\" data-id=\"c8480fb\" data-element_type=\"widget\" data-e-type=\"widget\" data-widget_type=\"call-to-action.default\">\n\t\t\t\t<div class=\"elementor-widget-container\">\n\t\t\t\t\t\t\t<div class=\"elementor-cta\">\n\t\t\t\t\t<div class=\"elementor-cta__bg-wrapper\">\n\t\t\t\t<div class=\"elementor-cta__bg elementor-bg\" style=\"background-image: url(https:\/\/suzanclinvacinas.com.br\/wp-content\/uploads\/2022\/10\/portrait-of-a-smiling-little-boy-showing-thumbs-up-scaled.jpg);\" role=\"img\" aria-label=\"Portrait of a smiling little boy showing thumbs up isolated over orange background\"><\/div>\n\t\t\t\t<div class=\"elementor-cta__bg-overlay\"><\/div>\n\t\t\t<\/div>\n\t\t\t\t\t\t\t<div class=\"elementor-cta__content\">\n\t\t\t\t\n\t\t\t\t<h2 class=\"elementor-cta__title elementor-cta__content-item elementor-content-item\">Crian\u00e7as<\/h2>\n\t\t\t\t\t\t\t\t\t<div class=\"elementor-cta__description elementor-cta__content-item elementor-content-item\">\n\t\t\t\t\t\t(0 a 10 anos)\t\t\t\t\t<\/div>\n\t\t\t\t\n\t\t\t\t\t\t\t<\/div>\n\t\t\t\t\t\t<\/div>\n\t\t\t\t\t\t<\/div>\n\t\t\t\t<\/div>\n\t\t\t\t<div data-ha-element-link=\"{&quot;url&quot;:&quot;https:\\\/\\\/suzanclinvacinas.com.br\\\/index.php\\\/vacinas-adolescentes\\\/&quot;,&quot;is_external&quot;:&quot;&quot;,&quot;nofollow&quot;:&quot;&quot;}\" style=\"cursor: pointer\" class=\"elementor-element elementor-element-c7b8285 elementor-cta--valign-middle elementor-widget__width-auto elementor-widget-mobile__width-inherit elementor-cta--skin-classic elementor-animated-content elementor-bg-transform elementor-bg-transform-zoom-in elementor-widget elementor-widget-call-to-action\" data-id=\"c7b8285\" data-element_type=\"widget\" data-e-type=\"widget\" data-widget_type=\"call-to-action.default\">\n\t\t\t\t<div class=\"elementor-widget-container\">\n\t\t\t\t\t\t\t<div class=\"elementor-cta\">\n\t\t\t\t\t<div class=\"elementor-cta__bg-wrapper\">\n\t\t\t\t<div class=\"elementor-cta__bg elementor-bg\" style=\"background-image: url(https:\/\/suzanclinvacinas.com.br\/wp-content\/uploads\/2022\/10\/young-pretty-female-standing-isolated-over-purple-space-and-smiling-nicely-while-chatting-with-friends-scaled.jpg);\" role=\"img\" aria-label=\"Young pretty female standing isolated over purple background, looking at camera and smiling nicely while chatting with friends, lady with knot and headband.\"><\/div>\n\t\t\t\t<div class=\"elementor-cta__bg-overlay\"><\/div>\n\t\t\t<\/div>\n\t\t\t\t\t\t\t<div class=\"elementor-cta__content\">\n\t\t\t\t\n\t\t\t\t<h2 class=\"elementor-cta__title elementor-cta__content-item elementor-content-item\">Adolescentes<\/h2>\n\t\t\t\t\t\t\t\t\t<div class=\"elementor-cta__description elementor-cta__content-item elementor-content-item\">\n\t\t\t\t\t\t(11 a 19 anos)\t\t\t\t\t<\/div>\n\t\t\t\t\n\t\t\t\t\t\t\t<\/div>\n\t\t\t\t\t\t<\/div>\n\t\t\t\t\t\t<\/div>\n\t\t\t\t<\/div>\n\t\t\t\t<div data-ha-element-link=\"{&quot;url&quot;:&quot;https:\\\/\\\/suzanclinvacinas.com.br\\\/index.php\\\/vacinas-adultos\\\/&quot;,&quot;is_external&quot;:&quot;&quot;,&quot;nofollow&quot;:&quot;&quot;}\" style=\"cursor: pointer\" class=\"elementor-element elementor-element-201b246 elementor-cta--valign-middle elementor-widget__width-auto elementor-widget-mobile__width-inherit elementor-cta--skin-classic elementor-animated-content elementor-bg-transform elementor-bg-transform-zoom-in elementor-widget elementor-widget-call-to-action\" data-id=\"201b246\" data-element_type=\"widget\" data-e-type=\"widget\" data-widget_type=\"call-to-action.default\">\n\t\t\t\t<div class=\"elementor-widget-container\">\n\t\t\t\t\t\t\t<div class=\"elementor-cta\">\n\t\t\t\t\t<div class=\"elementor-cta__bg-wrapper\">\n\t\t\t\t<div class=\"elementor-cta__bg elementor-bg\" style=\"background-image: url(https:\/\/suzanclinvacinas.com.br\/wp-content\/uploads\/2022\/10\/close-up-of-young-successful-man-smiling-at-camera-standing-in-casual-outfit-against-blue-background-scaled.jpg);\" role=\"img\" aria-label=\"Close-up of young successful man smiling at camera, standing in casual outfit against blue background.\"><\/div>\n\t\t\t\t<div class=\"elementor-cta__bg-overlay\"><\/div>\n\t\t\t<\/div>\n\t\t\t\t\t\t\t<div class=\"elementor-cta__content\">\n\t\t\t\t\n\t\t\t\t<h2 class=\"elementor-cta__title elementor-cta__content-item elementor-content-item\">Adultos<\/h2>\n\t\t\t\t\t\t\t\t\t<div class=\"elementor-cta__description elementor-cta__content-item elementor-content-item\">\n\t\t\t\t\t\t(20 a 59 anos)\t\t\t\t\t<\/div>\n\t\t\t\t\n\t\t\t\t\t\t\t<\/div>\n\t\t\t\t\t\t<\/div>\n\t\t\t\t\t\t<\/div>\n\t\t\t\t<\/div>\n\t\t\t\t<div data-ha-element-link=\"{&quot;url&quot;:&quot;https:\\\/\\\/suzanclinvacinas.com.br\\\/index.php\\\/vacinas-idosos\\\/&quot;,&quot;is_external&quot;:&quot;&quot;,&quot;nofollow&quot;:&quot;&quot;}\" style=\"cursor: pointer\" class=\"elementor-element elementor-element-5f56a8b elementor-cta--valign-middle elementor-widget__width-auto elementor-widget-mobile__width-inherit elementor-cta--skin-classic elementor-animated-content elementor-bg-transform elementor-bg-transform-zoom-in elementor-widget elementor-widget-call-to-action\" data-id=\"5f56a8b\" data-element_type=\"widget\" data-e-type=\"widget\" data-widget_type=\"call-to-action.default\">\n\t\t\t\t<div class=\"elementor-widget-container\">\n\t\t\t\t\t\t\t<div class=\"elementor-cta\">\n\t\t\t\t\t<div class=\"elementor-cta__bg-wrapper\">\n\t\t\t\t<div class=\"elementor-cta__bg elementor-bg\" style=\"background-image: url(https:\/\/suzanclinvacinas.com.br\/wp-content\/uploads\/2022\/10\/smiling-mature-couple-embrace-look-gladfully-at-camera-pose-for-family-portrait-happy-children-came-to-visit-them-wear-transparent-glasses-casual-jumpers-isolated-over-brown-wall-scaled.jpg);\" role=\"img\" aria-label=\"Smiling mature couple embrace look gladfully at camera pose for family portrait happy children came to visit them wear transparent glasses casual jumpers isolated over brown background. Age concept\"><\/div>\n\t\t\t\t<div class=\"elementor-cta__bg-overlay\"><\/div>\n\t\t\t<\/div>\n\t\t\t\t\t\t\t<div class=\"elementor-cta__content\">\n\t\t\t\t\n\t\t\t\t<h2 class=\"elementor-cta__title elementor-cta__content-item elementor-content-item\">Idosos<\/h2>\n\t\t\t\t\t\t\t\t\t<div class=\"elementor-cta__description elementor-cta__content-item elementor-content-item\">\n\t\t\t\t\t\t(+ de 60 anos)\t\t\t\t\t<\/div>\n\t\t\t\t\n\t\t\t\t\t\t\t<\/div>\n\t\t\t\t\t\t<\/div>\n\t\t\t\t\t\t<\/div>\n\t\t\t\t<\/div>\n\t\t\t\t\t<\/div>\n\t\t<\/div>\n\t\t\t\t\t<\/div>\n\t\t<\/section>\n\t\t\t\t<section class=\"elementor-section elementor-top-section elementor-element elementor-element-81da9fd elementor-section-boxed elementor-section-height-default elementor-section-height-default\" data-id=\"81da9fd\" data-element_type=\"section\" data-e-type=\"section\" data-settings=\"{&quot;_ha_eqh_enable&quot;:false}\">\n\t\t\t\t\t\t<div class=\"elementor-container elementor-column-gap-default\">\n\t\t\t\t\t<div class=\"elementor-column elementor-col-100 elementor-top-column elementor-element elementor-element-4b0e824\" data-id=\"4b0e824\" data-element_type=\"column\" data-e-type=\"column\">\n\t\t\t<div class=\"elementor-widget-wrap elementor-element-populated\">\n\t\t\t\t\t\t<div class=\"elementor-element elementor-element-52b0933 ha-has-bg-overlay elementor-widget elementor-widget-heading\" data-id=\"52b0933\" data-element_type=\"widget\" data-e-type=\"widget\" data-widget_type=\"heading.default\">\n\t\t\t\t<div class=\"elementor-widget-container\">\n\t\t\t\t\t<h2 class=\"elementor-heading-title elementor-size-default\">Indica\u00e7\u00f5es:<\/h2>\t\t\t\t<\/div>\n\t\t\t\t<\/div>\n\t\t\t\t<div class=\"elementor-element elementor-element-b005755 elementor-widget elementor-widget-text-editor\" data-id=\"b005755\" data-element_type=\"widget\" data-e-type=\"widget\" data-widget_type=\"text-editor.default\">\n\t\t\t\t<div class=\"elementor-widget-container\">\n\t\t\t\t\t\t\t\t\t<p>A vacina dTpa + polio \u00e9 indicada para crian\u00e7as a partir de 4 anos de idade e para doses de refor\u00e7os em adolescentes e adultos.<\/p><p>Adolescentes, adultos e gestantes: a dTpa+Polio pode substituir a vacina dTpa, uma vez que ambas conferem prote\u00e7\u00e3o contra\u00a0difteria, t\u00e9tano, coqueluche\u00a0e al\u00e9m disso, a primeira tamb\u00e9m protege contra a poliomielite.\u00a0<\/p>\t\t\t\t\t\t\t\t<\/div>\n\t\t\t\t<\/div>\n\t\t\t\t<div class=\"elementor-element elementor-element-0d78ffd ha-has-bg-overlay elementor-widget elementor-widget-heading\" data-id=\"0d78ffd\" data-element_type=\"widget\" data-e-type=\"widget\" data-widget_type=\"heading.default\">\n\t\t\t\t<div class=\"elementor-widget-container\">\n\t\t\t\t\t<h2 class=\"elementor-heading-title elementor-size-default\">Doses:<\/h2>\t\t\t\t<\/div>\n\t\t\t\t<\/div>\n\t\t\t\t<div class=\"elementor-element elementor-element-65ff47b elementor-widget elementor-widget-text-editor\" data-id=\"65ff47b\" data-element_type=\"widget\" data-e-type=\"widget\" data-widget_type=\"text-editor.default\">\n\t\t\t\t<div class=\"elementor-widget-container\">\n\t\t\t\t\t\t\t\t\t<div class=\"vacina-conteudo-conteudo\"><p>O n\u00famero de doses recomendado depende da faixa et\u00e1ria. Alguns aspectos tamb\u00e9m devem ser considerados no caso de idosos e pessoas que v\u00e3o viajar para \u00e1reas de risco ou que exigem o certificado internacional de vacina\u00e7\u00e3o. Entenda:<\/p><p><b>Para crian\u00e7as<\/b><\/p><ul><li>Dose \u00fanica a partir dos 4 anos de idade e at\u00e9 os 60 anos.<\/li><li>Crian\u00e7as que tomarem a primeira dose aos 9 meses devem receber uma segunda dose aos 4 anos.<\/li><\/ul><p><b>Para idosos<\/b><\/p><ul><li>Idosos necessitam de prescri\u00e7\u00e3o m\u00e9dica para aplica\u00e7\u00e3o.<\/li><\/ul><p><b>Para viajantes<\/b><\/p><ul><li>Para viajantes com exig\u00eancia da vacina\u00e7\u00e3o e apresenta\u00e7\u00e3o do\u00a0certificado internacional de vacina\u00e7\u00e3o, \u00e9 necess\u00e1ria a comprova\u00e7\u00e3o de uma dose, obrigatoriamente a dose plena (n\u00e3o \u00e9 aceita a dose fracionada)<\/li><\/ul><p><b>Pessoas em \u00e1reas de risco<\/b><\/p><ul><li>Em situa\u00e7\u00f5es de risco (munic\u00edpios onde haja circula\u00e7\u00e3o do v\u00edrus da febre amarela com registro de casos em humanos), idosos, gestantes e outros grupos de precau\u00e7\u00e3o devem ser vacinados, desde que n\u00e3o haja contraindica\u00e7\u00e3o m\u00e9dica.<\/li><\/ul><\/div>\t\t\t\t\t\t\t\t<\/div>\n\t\t\t\t<\/div>\n\t\t\t\t<div class=\"elementor-element elementor-element-281a528 ha-has-bg-overlay elementor-widget elementor-widget-heading\" data-id=\"281a528\" data-element_type=\"widget\" data-e-type=\"widget\" data-widget_type=\"heading.default\">\n\t\t\t\t<div class=\"elementor-widget-container\">\n\t\t\t\t\t<h2 class=\"elementor-heading-title elementor-size-default\">Contraindica\u00e7\u00f5es:<\/h2>\t\t\t\t<\/div>\n\t\t\t\t<\/div>\n\t\t\t\t<div class=\"elementor-element elementor-element-0f3b468 elementor-widget elementor-widget-text-editor\" data-id=\"0f3b468\" data-element_type=\"widget\" data-e-type=\"widget\" data-widget_type=\"text-editor.default\">\n\t\t\t\t<div class=\"elementor-widget-container\">\n\t\t\t\t\t\t\t\t\t<div class=\"vacina-conteudo-conteudo\"><p>A imuniza\u00e7\u00e3o \u00e9 contraindicada em alguns casos. Veja quem n\u00e3o pode tomar a vacina febre amarela:<\/p><ul><li>Crian\u00e7as abaixo de 6 meses de idade.\u00a0<\/li><li>Para crian\u00e7as abaixo de 2 anos, n\u00e3o deve ser administrada concomitantemente com a vacina de sarampo.<\/li><li>Indiv\u00edduos infectados pelo HIV, sintom\u00e1ticos e com imunossupress\u00e3o grave comprovada por exames laboratoriais.\u00a0<\/li><li>Pacientes que estejam com febre no dia da aplica\u00e7\u00e3o, \u00e9 recomendado adiar.<\/li><li>Pessoas com imunodepress\u00e3o grave por doen\u00e7a ou uso de medica\u00e7\u00e3o.<\/li><li>Pacientes p\u00f3s-transplante de \u00f3rg\u00e3os, pacientes com c\u00e2ncer, e pacientes com doen\u00e7as do timo ou aus\u00eancia deste.\u00a0<\/li><li>Pacientes que tenham apresentado doen\u00e7a neurol\u00f3gica\u00a0<\/li><li>Desmielinizante no per\u00edodo de seis semanas ap\u00f3s a aplica\u00e7\u00e3o de dose anterior da vacina.\u00a0<\/li><li>Pessoas com hist\u00f3ria de rea\u00e7\u00e3o anafil\u00e1tica relacionada a subst\u00e2ncias presentes na vacina (ovo de galinha e seus derivados, gelatina bovina ou outras).\u00a0<\/li><li>Gestantes.\u00a0<\/li><li>Mulheres amamentando beb\u00eas com menos de 6 meses.<\/li><\/ul><\/div>\t\t\t\t\t\t\t\t<\/div>\n\t\t\t\t<\/div>\n\t\t\t\t<div class=\"elementor-element elementor-element-81d6214 ha-has-bg-overlay elementor-widget elementor-widget-heading\" data-id=\"81d6214\" data-element_type=\"widget\" data-e-type=\"widget\" data-widget_type=\"heading.default\">\n\t\t\t\t<div class=\"elementor-widget-container\">\n\t\t\t\t\t<h2 class=\"elementor-heading-title elementor-size-default\">Rea\u00e7\u00f5es Adversas:<\/h2>\t\t\t\t<\/div>\n\t\t\t\t<\/div>\n\t\t\t\t<div class=\"elementor-element elementor-element-c818d08 elementor-widget elementor-widget-text-editor\" data-id=\"c818d08\" data-element_type=\"widget\" data-e-type=\"widget\" data-widget_type=\"text-editor.default\">\n\t\t\t\t<div class=\"elementor-widget-container\">\n\t\t\t\t\t\t\t\t\t<div class=\"vacina-conteudo-conteudo\"><p>A vacina febre amarela \u00e9 muito segura por\u00e9m, assim como outras imuniza\u00e7\u00f5es, pode apresentar rea\u00e7\u00f5es adversas em alguns indiv\u00edduos. Conhe\u00e7a os eventos adversos comuns, raros e muito raros da vacina:<\/p><p><b>Comuns<\/b>: Manifesta\u00e7\u00f5es gerais, como febre, dor de cabe\u00e7a e dor muscular s\u00e3o os eventos mais frequentes e podem ocorrer de 3 a 10 dias ap\u00f3s aplica\u00e7\u00e3o da vacina.<\/p><p><b>Raros<\/b>: Podem ocorrer tamb\u00e9m, dor, vermelhid\u00e3o, incha\u00e7o e coceira no local da aplica\u00e7\u00e3o. O desconforto pode durar um ou dois dias na forma leve ou moderada.\u00a0<\/p><p><b>Muito raros:<\/b>\u00a0Rea\u00e7\u00f5es al\u00e9rgicas, doen\u00e7a neurol\u00f3gica (encefalite, meningite, doen\u00e7as autoimunes com envolvimento do sistema nervoso central e perif\u00e9rico) e doen\u00e7a viscerotr\u00f3pica (infec\u00e7\u00e3o pelo v\u00edrus vacinal causando danos semelhantes aos da doen\u00e7a).<\/p><\/div>\t\t\t\t\t\t\t\t<\/div>\n\t\t\t\t<\/div>\n\t\t\t\t<div class=\"elementor-element elementor-element-023adc9 ha-has-bg-overlay elementor-widget elementor-widget-heading\" data-id=\"023adc9\" data-element_type=\"widget\" data-e-type=\"widget\" data-widget_type=\"heading.default\">\n\t\t\t\t<div class=\"elementor-widget-container\">\n\t\t\t\t\t<h2 class=\"elementor-heading-title elementor-size-default\">Do que \u00e9 feita?<\/h2>\t\t\t\t<\/div>\n\t\t\t\t<\/div>\n\t\t\t\t<div class=\"elementor-element elementor-element-3956c9e elementor-widget elementor-widget-text-editor\" data-id=\"3956c9e\" data-element_type=\"widget\" data-e-type=\"widget\" data-widget_type=\"text-editor.default\">\n\t\t\t\t<div class=\"elementor-widget-container\">\n\t\t\t\t\t\t\t\t\t<div class=\"vacina-conteudo-conteudo\"><p>No Brasil est\u00e3o dispon\u00edveis duas vacinas da febre amarela: uma utilizada pela rede p\u00fablica e outra pela rede privada. Ambas s\u00e3o elaboradas a partir de v\u00edrus vivo atenuado, cultivado em ovo de galinha. A da rede privada cont\u00e9m tamb\u00e9m: lactose, sorbitol, cloridrato de L-histidina, L-alanina e solu\u00e7\u00e3o salina.<\/p><p>As duas vacinas s\u00e3o eficazes para prevenir a febre amarela e s\u00e3o muito seguras.<\/p><\/div>\t\t\t\t\t\t\t\t<\/div>\n\t\t\t\t<\/div>\n\t\t\t\t\t<\/div>\n\t\t<\/div>\n\t\t\t\t\t<\/div>\n\t\t<\/section>\n\t\t\t\t<section class=\"elementor-section elementor-top-section elementor-element elementor-element-66248e6 elementor-section-boxed elementor-section-height-default elementor-section-height-default\" data-id=\"66248e6\" data-element_type=\"section\" data-e-type=\"section\" data-settings=\"{&quot;_ha_eqh_enable&quot;:false}\">\n\t\t\t\t\t\t<div class=\"elementor-container elementor-column-gap-default\">\n\t\t\t\t\t<div class=\"elementor-column elementor-col-100 elementor-top-column elementor-element elementor-element-c63e1e6\" data-id=\"c63e1e6\" data-element_type=\"column\" data-e-type=\"column\">\n\t\t\t<div class=\"elementor-widget-wrap elementor-element-populated\">\n\t\t\t\t\t\t<div class=\"elementor-element elementor-element-eed1de9 elementor-widget elementor-widget-heading\" data-id=\"eed1de9\" data-element_type=\"widget\" data-e-type=\"widget\" data-widget_type=\"heading.default\">\n\t\t\t\t<div class=\"elementor-widget-container\">\n\t\t\t\t\t<h2 class=\"elementor-heading-title elementor-size-default\">Comparativo entre Vacinas<\/h2>\t\t\t\t<\/div>\n\t\t\t\t<\/div>\n\t\t\t\t<section class=\"elementor-section elementor-inner-section elementor-element elementor-element-00a3285 elementor-reverse-mobile elementor-section-boxed elementor-section-height-default elementor-section-height-default\" data-id=\"00a3285\" data-element_type=\"section\" data-e-type=\"section\" data-settings=\"{&quot;background_background&quot;:&quot;gradient&quot;,&quot;_ha_eqh_enable&quot;:false}\">\n\t\t\t\t\t\t\t<div class=\"elementor-background-overlay\"><\/div>\n\t\t\t\t\t\t\t<div class=\"elementor-container elementor-column-gap-default\">\n\t\t\t\t\t<div class=\"elementor-column elementor-col-50 elementor-inner-column elementor-element elementor-element-3a537ba\" data-id=\"3a537ba\" data-element_type=\"column\" data-e-type=\"column\">\n\t\t\t<div class=\"elementor-widget-wrap elementor-element-populated\">\n\t\t\t\t\t\t<div class=\"elementor-element elementor-element-56bbc4d elementor-widget elementor-widget-heading\" data-id=\"56bbc4d\" data-element_type=\"widget\" data-e-type=\"widget\" data-widget_type=\"heading.default\">\n\t\t\t\t<div class=\"elementor-widget-container\">\n\t\t\t\t\t<h2 class=\"elementor-heading-title elementor-size-default\">VACINA P\u00daBLICA<\/h2>\t\t\t\t<\/div>\n\t\t\t\t<\/div>\n\t\t\t\t<div class=\"elementor-element elementor-element-8b40c5c elementor-widget elementor-widget-text-editor\" data-id=\"8b40c5c\" data-element_type=\"widget\" data-e-type=\"widget\" data-widget_type=\"text-editor.default\">\n\t\t\t\t<div class=\"elementor-widget-container\">\n\t\t\t\t\t\t\t\t\t<p>\u2981 Apenas a vacina produzida por Bio-Manguinhos.<\/p>\t\t\t\t\t\t\t\t<\/div>\n\t\t\t\t<\/div>\n\t\t\t\t\t<\/div>\n\t\t<\/div>\n\t\t\t\t<div class=\"elementor-column elementor-col-50 elementor-inner-column elementor-element elementor-element-351d03d\" data-id=\"351d03d\" data-element_type=\"column\" data-e-type=\"column\">\n\t\t\t<div class=\"elementor-widget-wrap elementor-element-populated\">\n\t\t\t\t\t\t<div class=\"elementor-element elementor-element-dcb816c elementor-widget elementor-widget-heading\" data-id=\"dcb816c\" data-element_type=\"widget\" data-e-type=\"widget\" data-widget_type=\"heading.default\">\n\t\t\t\t<div class=\"elementor-widget-container\">\n\t\t\t\t\t<h2 class=\"elementor-heading-title elementor-size-default\">VACINA  SUZANCLIN<\/h2>\t\t\t\t<\/div>\n\t\t\t\t<\/div>\n\t\t\t\t<div class=\"elementor-element elementor-element-beca3ca elementor-widget elementor-widget-text-editor\" data-id=\"beca3ca\" data-element_type=\"widget\" data-e-type=\"widget\" data-widget_type=\"text-editor.default\">\n\t\t\t\t<div class=\"elementor-widget-container\">\n\t\t\t\t\t\t\t\t\t<p>\u2981 As duas vacinas oferecidas no Brasil \u2013 Bio-Manguinhos (p\u00fablica) e Sanofi-Pasteur (particular) \u2013 t\u00eam perfil de seguran\u00e7a e efic\u00e1cia semelhantes, estimados em mais de 95% para maiores de 2 anos.<\/p>\t\t\t\t\t\t\t\t<\/div>\n\t\t\t\t<\/div>\n\t\t\t\t\t<\/div>\n\t\t<\/div>\n\t\t\t\t\t<\/div>\n\t\t<\/section>\n\t\t\t\t\t<\/div>\n\t\t<\/div>\n\t\t\t\t\t<\/div>\n\t\t<\/section>\n\t\t\t\t<\/div>\n\t\t","protected":false},"excerpt":{"rendered":"<p>Vacina Febre Amarela Conhe\u00e7a todos os detalhes da Vacina Febre Amarela: Vacina indicada para: Crian\u00e7as (0 a 10 anos) Adolescentes (11 a 19 anos) Adultos (20 a 59 anos) Idosos (+ de 60 anos) Indica\u00e7\u00f5es: A vacina dTpa + polio \u00e9 indicada para crian\u00e7as a partir de 4 anos de idade e para doses de &hellip;<\/p>\n<p class=\"read-more\"> <a class=\"\" href=\"https:\/\/suzanclinvacinas.com.br\/index.php\/febre-amarela\/\"> <span class=\"screen-reader-text\">Febre Amarela<\/span> Leia mais &raquo;<\/a><\/p>\n","protected":false},"author":1,"featured_media":0,"parent":0,"menu_order":0,"comment_status":"closed","ping_status":"closed","template":"","meta":{"site-sidebar-layout":"no-sidebar","site-content-layout":"page-builder","ast-global-header-display":"","ast-main-header-display":"","ast-hfb-above-header-display":"","ast-hfb-below-header-display":"","ast-hfb-mobile-header-display":"","site-post-title":"disabled","ast-breadcrumbs-content":"","ast-featured-img":"disabled","footer-sml-layout":"","theme-transparent-header-meta":"","adv-header-id-meta":"","stick-header-meta":"","header-above-stick-meta":"","header-main-stick-meta":"","header-below-stick-meta":"","_joinchat":[],"footnotes":""},"class_list":["post-461","page","type-page","status-publish","hentry"],"_links":{"self":[{"href":"https:\/\/suzanclinvacinas.com.br\/index.php\/wp-json\/wp\/v2\/pages\/461","targetHints":{"allow":["GET"]}}],"collection":[{"href":"https:\/\/suzanclinvacinas.com.br\/index.php\/wp-json\/wp\/v2\/pages"}],"about":[{"href":"https:\/\/suzanclinvacinas.com.br\/index.php\/wp-json\/wp\/v2\/types\/page"}],"author":[{"embeddable":true,"href":"https:\/\/suzanclinvacinas.com.br\/index.php\/wp-json\/wp\/v2\/users\/1"}],"replies":[{"embeddable":true,"href":"https:\/\/suzanclinvacinas.com.br\/index.php\/wp-json\/wp\/v2\/comments?post=461"}],"version-history":[{"count":9,"href":"https:\/\/suzanclinvacinas.com.br\/index.php\/wp-json\/wp\/v2\/pages\/461\/revisions"}],"predecessor-version":[{"id":1796,"href":"https:\/\/suzanclinvacinas.com.br\/index.php\/wp-json\/wp\/v2\/pages\/461\/revisions\/1796"}],"wp:attachment":[{"href":"https:\/\/suzanclinvacinas.com.br\/index.php\/wp-json\/wp\/v2\/media?parent=461"}],"curies":[{"name":"wp","href":"https:\/\/api.w.org\/{rel}","templated":true}]}}